{"id":28,"date":"2014-05-12T21:33:12","date_gmt":"2014-05-12T21:33:12","guid":{"rendered":"http:\/\/imulti.com.br\/site2015\/?p=28"},"modified":"2020-09-21T10:48:28","modified_gmt":"2020-09-21T13:48:28","slug":"proposta-pedagogica","status":"publish","type":"page","link":"https:\/\/www.imulti.com.br\/site2016\/proposta-pedagogica\/","title":{"rendered":"Proposta Pedag\u00f3gica"},"content":{"rendered":"<h3><span style=\"color: #000000; font-family: 'lucida grande', tahoma, verdana, arial, sans-serif; font-size: 26px; line-height: 33px; text-align: center;\">\u270f\u00a0<\/span>Material did\u00e1tico<\/h3>\n<p style=\"margin-left: 40px;\"><span style=\"line-height: 1.6em;\">Nossos cursos de idiomas utilizam m\u00e9todos de ensino modernos e din\u00e2micos, pr\u00f3prios ou importados das melhores editoras internacionais.<\/span><\/p>\n<h3><span style=\"color: #000000; font-family: 'lucida grande', tahoma, verdana, arial, sans-serif; font-size: 26px; line-height: 33px; text-align: center;\">\u270f\u00a0<\/span>Abordagem comunicativa<\/h3>\n<p style=\"margin-left: 40px;\"><span style=\"line-height: 1.6em;\">Sua aprendizagem est\u00e1 focada na abordagem comunicativa em que o ensino ocorre principalmente atrav\u00e9s da conversa\u00e7\u00e3o em situa\u00e7\u00f5es do cotidiano. Dessa maneira,\u00a0o aluno aprende a falar pelo uso da linguagem natural sem tradu\u00e7\u00e3o, sendo constantemente estimulado a interagir e se expressar nas habilidades de express\u00e3o oral, leitura, escrita e compreens\u00e3o auditiva.\u00a0<\/span><\/p>\n<h3><span style=\"color: #000000; font-family: 'lucida grande', tahoma, verdana, arial, sans-serif; font-size: 26px; line-height: 33px; text-align: center;\">\u270f\u00a0<\/span><span style=\"line-height: 1.6em;\">Material de apoio<\/span><\/h3>\n<p style=\"margin-left: 40px;\"><span style=\"line-height: 1.6em;\">A aprendizagem tamb\u00e9m \u00e9 facilitada com o apoio de nossa infraestrutura que possui biblioteca com material de leitura em todos os idiomas e um grande acervo de filmes em v\u00eddeo e DVD dispon\u00edveis para empr\u00e9stimo.\u00a0<\/span><\/p>\n<h3><span style=\"color: #000000; font-family: 'lucida grande', tahoma, verdana, arial, sans-serif; font-size: 26px; line-height: 33px; text-align: center;\">\u270f\u00a0<\/span><span style=\"line-height: 1.6em;\">N\u00edveis de Refer\u00eancia<\/span><\/h3>\n<p style=\"margin-left: 40px;\"><span style=\"line-height: 1.6em;\">Os nossos cursos est\u00e3o estruturalmente adequados \u00e0s recomenda\u00e7\u00f5es do <\/span>&#8220;Quadro Europeu Comum de Refer\u00eancia para as L\u00ednguas &#8211; QECR<span style=\"line-height: 1.6em;\">.<\/span><\/p>\n<p>&nbsp;<\/p>\n<table style=\"width: 920px;\" cellspacing=\"0\" cellpadding=\"10\" align=\"center\">\n<tbody>\n<tr>\n<td colspan=\"3\" style=\"width: 30px; text-align: center; background-color: #057999; border-color: #ffffff;\"><span style=\"color: #ffffff;\"><strong><span style=\"font-size: 13px;\">DESCRI\u00c7\u00c3O DOS N\u00cdVEIS DO <\/span><\/strong><\/span><span style=\"color: #fff0f5;\"><strong>QUADRO EUROPEU COMUM DE REFER\u00caNCIA PARA AS L\u00cdNGUAS &#8211; QECR<\/strong><\/span><\/td>\n<\/tr>\n<tr>\n<td rowspan=\"2\" style=\"width: 80px; text-align: center; vertical-align: middle; border-color: #057999;\"><span style=\"color: #000000;\"><strong>Usu\u00e1rio<br \/>\nB\u00e1sico<\/strong><\/span><\/td>\n<td id=\"bgbranco\" style=\"width: 30px; text-align: center; vertical-align: middle; border-color: #057999;\">\n<p style=\"text-align: center;\"><span style=\"font-size: 18px;\"><span style=\"color: #ff0000;\"><strong>A1<\/strong><\/span><\/span><\/p>\n<\/td>\n<td id=\"bgbranco\" style=\"text-align: center; vertical-align: middle; width: 30px; border-color: #057999;\">\n<p style=\"text-align: justify;\">Entende e utiliza express\u00f5es familiares e corriqueiras, conseguindo elaborar frases bem simples. Sabe apresentar-se e apresentar outras pessoas, faz perguntas de cunho pessoal e responde perguntas desse tipo. Consegue comunicar-se de forma simples em situa\u00e7\u00f5es do cotidiano.<\/p>\n<\/td>\n<\/tr>\n<tr>\n<td id=\"bgbranco\" style=\"text-align: center; vertical-align: middle; width: 30px; border-color: #057999;\">\n<p style=\"text-align: center;\"><span style=\"font-size: 18px;\"><span style=\"color: #ff0000;\"><strong>A2<\/strong><\/span><\/span><\/p>\n<\/td>\n<td id=\"bgbranco\" style=\"text-align: center; vertical-align: middle; width: 30px; border-color: #057999;\">\n<p style=\"text-align: justify;\">Entende frases e express\u00f5es usuais relacionadas a assuntos que lhe toquem diretamente. Comunica-se em situa\u00e7\u00f5es simples e rotineiras sobre assuntos que lhe s\u00e3o familiares.<\/p>\n<\/td>\n<\/tr>\n<tr>\n<td rowspan=\"2\" style=\"text-align: center; vertical-align: middle; border-color: #057999;\">\n<p style=\"text-align: center;\"><span style=\"color: #000000;\"><strong>Usu\u00e1rio Independente<\/strong><\/span><\/p>\n<\/td>\n<td id=\"bgbranco\" style=\"text-align: center; vertical-align: middle; border-color: #057999;\">\n<p style=\"text-align: center;\"><span style=\"font-size: 18px;\"><span style=\"color: #ff0000;\"><strong>B1<\/strong><\/span><\/span><\/p>\n<\/td>\n<td id=\"bgbranco\" style=\"text-align: center; vertical-align: middle; border-color: #057999;\">\n<p style=\"text-align: justify;\">Entende os pontos principais de uma conversa, se utilizada a linguagem padr\u00e3o e se o assunto for relacionado a trabalho, lazer, escola, etc. Quando em viagem, \u00e9 capaz de dominar a maioria das situa\u00e7\u00f5es, no que se refere \u00e0 comunica\u00e7\u00e3o verbal e sabe se expressar de forma simples e adequada sobre temas conhecidos e \u00e1reas de seu interesse.<\/p>\n<\/td>\n<\/tr>\n<tr>\n<td id=\"bgbranco\" style=\"text-align: center; vertical-align: middle; border-color: #057999;\">\n<p style=\"text-align: center;\"><span style=\"font-size: 18px;\"><span style=\"color: #ff0000;\"><strong>B2<\/strong><\/span><\/span><\/p>\n<\/td>\n<td id=\"bgbranco\" style=\"text-align: center; vertical-align: middle; border-color: #057999;\">\n<p style=\"text-align: justify;\">Compreende o conte\u00fado principal de textos complexos sobre temas concretos e abstratos, bem como discuss\u00f5es t\u00e9cnicas em sua \u00e1rea de especializa\u00e7\u00e3o. Comunica-se de forma espont\u00e2nea e fluente. Expressa-se de forma clara e detalhada sobre temas variados.<\/p>\n<\/td>\n<\/tr>\n<tr>\n<td style=\"text-align: center; vertical-align: middle; border-color: #057999;\"><span style=\"color: #000000;\"><strong>Usu\u00e1rio<br \/>\nProficiente<\/strong><\/span><\/td>\n<td id=\"bgbranco\" style=\"text-align: center; vertical-align: middle; border-color: #057999;\">\n<p style=\"text-align: center;\"><span style=\"font-size: 18px;\"><span style=\"color: #ff0000;\"><strong>C1<\/strong><\/span><\/span><\/p>\n<\/td>\n<td id=\"bgbranco\" style=\"text-align: center; vertical-align: middle; border-color: #057999;\">\n<p style=\"text-align: justify;\">Entende uma grande variedade de textos extensos e complexos e tamb\u00e9m compreende significados impl\u00edcitos. Usa o idioma com efic\u00e1cia e flexibilidade em sua vida social e profissional, em cursos de forma\u00e7\u00e3o ou no estudo universit\u00e1rio. Sabe expressar-se de forma clara, estruturada e detalhada na exposi\u00e7\u00e3o de fatos complexos.<\/p>\n<\/td>\n<\/tr>\n<\/tbody>\n<\/table>\n","protected":false},"excerpt":{"rendered":"<p>\u270f\u00a0Material did\u00e1tico Nossos cursos de idiomas utilizam m\u00e9todos de ensino modernos e din\u00e2micos, pr\u00f3prios ou importados das melhores editoras internacionais. \u270f\u00a0Abordagem comunicativa Sua aprendizagem est\u00e1 focada na abordagem comunicativa em [&hellip;]<\/p>\n","protected":false},"author":1,"featured_media":0,"parent":0,"menu_order":0,"comment_status":"open","ping_status":"closed","template":"template-fullwidth.php","meta":{"_mi_skip_tracking":false,"_exactmetrics_sitenote_active":false,"_exactmetrics_sitenote_note":"","_exactmetrics_sitenote_category":0},"_links":{"self":[{"href":"https:\/\/www.imulti.com.br\/site2016\/wp-json\/wp\/v2\/pages\/28"}],"collection":[{"href":"https:\/\/www.imulti.com.br\/site2016\/wp-json\/wp\/v2\/pages"}],"about":[{"href":"https:\/\/www.imulti.com.br\/site2016\/wp-json\/wp\/v2\/types\/page"}],"author":[{"embeddable":true,"href":"https:\/\/www.imulti.com.br\/site2016\/wp-json\/wp\/v2\/users\/1"}],"replies":[{"embeddable":true,"href":"https:\/\/www.imulti.com.br\/site2016\/wp-json\/wp\/v2\/comments?post=28"}],"version-history":[{"count":22,"href":"https:\/\/www.imulti.com.br\/site2016\/wp-json\/wp\/v2\/pages\/28\/revisions"}],"predecessor-version":[{"id":1048,"href":"https:\/\/www.imulti.com.br\/site2016\/wp-json\/wp\/v2\/pages\/28\/revisions\/1048"}],"wp:attachment":[{"href":"https:\/\/www.imulti.com.br\/site2016\/wp-json\/wp\/v2\/media?parent=28"}],"curies":[{"name":"wp","href":"https:\/\/api.w.org\/{rel}","templated":true}]}}