{"id":27,"date":"2022-07-22T15:18:12","date_gmt":"2022-07-22T18:18:12","guid":{"rendered":"http:\/\/imulti.com.br\/site2015\/?p=27"},"modified":"2022-07-22T15:19:35","modified_gmt":"2022-07-22T18:19:35","slug":"modalidades","status":"publish","type":"page","link":"https:\/\/www.imulti.com.br\/site2016\/modalidades\/","title":{"rendered":"Modalidades"},"content":{"rendered":"<p style=\"text-align: justify;\"><span style=\"font-size: 18px;\">[tab: \u00a0 \u00a0 \u00a0 \u00a0TURMAS \u00a0 \u00a0 \u00a0 \u00a0 \u00a0]<\/span><\/p>\n<h3 style=\"text-align: justify;\"><span style=\"line-height: 1.6em;\"><strong>Grupo Reduzido<\/strong><\/span><\/h3>\n<h3 style=\"text-align: justify;\"><img loading=\"lazy\" alt=\"aula-grupo\" class=\"size-full wp-image-293 alignright\" data-id=\"293\" src=\"http:\/\/imulti.com.br\/site2016\/wp-content\/uploads\/2014\/05\/aula-grupo.png\" style=\"opacity: 0.9; margin-left: 20px; margin-right: 20px;\" title=\"\" width=\"302\" height=\"177\" srcset=\"https:\/\/www.imulti.com.br\/site2016\/wp-content\/uploads\/2014\/05\/aula-grupo.png 302w, https:\/\/www.imulti.com.br\/site2016\/wp-content\/uploads\/2014\/05\/aula-grupo-300x175.png 300w, https:\/\/www.imulti.com.br\/site2016\/wp-content\/uploads\/2014\/05\/aula-grupo-93x55.png 93w\" sizes=\"(max-width: 302px) 100vw, 302px\" \/><\/h3>\n<p style=\"text-align: justify;\"><span style=\"line-height: 1.6em;\"><strong>Quantidade:\u00a0<\/strong><\/span><span style=\"line-height: 1.6em;\">4 a 16 pessoas<\/span><br \/>\n<b style=\"line-height: 1.6em;\">P\u00fablico-alvo:<\/b><span style=\"line-height: 1.6em;\"> pessoas que preferem turmas reduzidas, mas que possa ter uma variedade de alunos para conversa\u00e7\u00e3o e troca de experi\u00eancias.<\/span><\/p>\n<h3 style=\"text-align: justify;\"><\/h3>\n<h3 style=\"text-align: justify;\"><strong>Grupo Especial<\/strong><\/h3>\n<p style=\"text-align: justify;\"><span style=\"font-size: 13px;\"><strong>Quantidade:<\/strong>\u00a02 a 3 pessoas<br \/>\n<strong>P\u00fablico-alvo:\u00a0<\/strong>pessoas que preferem aten\u00e7\u00e3o mais individualizada dentro de uma turma bastante reduzida.<\/span><\/p>\n<h3 style=\"text-align: justify;\"><strong>VIP<\/strong><\/h3>\n<p style=\"font-size: 13px; text-align: justify;\"><span style=\"line-height: 1.6em;\"><strong>Quantidade:\u00a0<\/strong><\/span><span style=\"line-height: 1.6em;\">1 pessoa<\/span><br \/>\n<span style=\"line-height: 1.6em;\"><strong>P\u00fablico-alvo:<\/strong>\u00a0pessoas que possuem pouco tempo dispon\u00edvel e necessitam de uma certa flexibilidade de hor\u00e1rio, ou ent\u00e3o que prefiram uma aten\u00e7\u00e3o individualizada para o aprendizado. A partir do diagn\u00f3stico das necessidades do aluno, elaboramos um programa personalizado a ser desenvolvido ao longo do curso.\u00a0<\/span><\/p>\n<p style=\"text-align: justify;\"><span style=\"line-height: 1.6em;\">[tab: \u00a0 \u00a0 \u00a0 \u00a0 AULAS PRESENCIAIS \u00a0 \u00a0 \u00a0 \u00a0 \u00a0]<\/span><\/p>\n<h3 style=\"text-align: justify;\"><strong>Extensivo ou Regular<\/strong><\/h3>\n<p><img loading=\"lazy\" alt=\"student\" class=\"size-full wp-image-294 alignright\" data-id=\"294\" src=\"http:\/\/imulti.com.br\/site2016\/wp-content\/uploads\/2014\/05\/student.png\" style=\"opacity: 0.9; margin-left: 20px; margin-right: 20px;\" title=\"\" width=\"302\" height=\"204\" srcset=\"https:\/\/www.imulti.com.br\/site2016\/wp-content\/uploads\/2014\/05\/student.png 302w, https:\/\/www.imulti.com.br\/site2016\/wp-content\/uploads\/2014\/05\/student-300x202.png 300w, https:\/\/www.imulti.com.br\/site2016\/wp-content\/uploads\/2014\/05\/student-81x55.png 81w\" sizes=\"(max-width: 302px) 100vw, 302px\" \/><\/p>\n<p style=\"text-align: justify;\"><strong style=\"font-size: 13px;\">Op\u00e7\u00e3o 1:\u00a0 <\/strong><span style=\"font-size: 13px;\">1 aula por semana de 1h15 de dura\u00e7\u00e3o (<\/span><span style=\"line-height: 1.6em;\">1 est\u00e1gio com dura\u00e7\u00e3o de 5 meses)<br \/>\n<\/span><\/p>\n<p style=\"text-align: justify;\"><strong style=\"font-size: 13px;\">Op<\/strong><strong style=\"line-height: 1.6em;\">\u00e7\u00e3o 2: \u00a0<\/strong><span style=\"line-height: 1.6em;\">1 aula por semana de 1h30 de dura\u00e7\u00e3o\u00a0(1 est\u00e1gio com dura\u00e7\u00e3o de 4 meses)<\/span><\/p>\n<p style=\"text-align: justify;\"><strong style=\"font-size: 13px;\">Op\u00e7\u00e3o 3: \u00a0<\/strong><span style=\"line-height: 1.6em;\">1 aula por semana de 2h de dura\u00e7\u00e3o (1 est\u00e1gio com dura\u00e7\u00e3o de 3 meses)<\/span><\/p>\n<h3 style=\"text-align: justify;\"><span style=\"line-height: 1.6em;\"><strong>Semi-intensivo<\/strong><\/span><\/h3>\n<p style=\"text-align: justify;\"><span style=\"line-height: 1.6em;\"><strong>Op\u00e7\u00e3o 1: \u00a0<\/strong>2 aulas por semana de 1h15 (1 est\u00e1gio com dura\u00e7\u00e3o de 2 meses e meio)<\/span><\/p>\n<p style=\"text-align: justify;\"><strong style=\"font-size: 13px;\">Op\u00e7\u00e3o 2: \u00a0<\/strong>2 aulas por semana de 1<span style=\"line-height: 1.6em;\">h30\u00a0(1 est\u00e1gio com dura\u00e7\u00e3o de 2 meses)<\/span><\/p>\n<p style=\"text-align: justify;\"><span style=\"line-height: 1.6em;\"><strong>Op\u00e7\u00e3o 3:\u00a0 <\/strong>2 aulas de 2h por semana (1 est\u00e1gio com dura\u00e7\u00e3o de 1 m\u00eas e meio)<\/span><\/p>\n<h3 style=\"text-align: justify;\"><strong>Intensivo<\/strong><\/h3>\n<p style=\"text-align: justify;\"><span style=\"font-size: 13px;\">4 aulas por semana de 1h30 (1 est\u00e1gio com dura\u00e7\u00e3o de 1 m\u00eas)<\/span><\/p>\n<p style=\"text-align: justify;\">[tab: \u00a0 \u00a0 \u00a0 \u00a0 AULAS \u00c0 DIST\u00c2NCIA \u00a0 \u00a0 \u00a0 \u00a0 \u00a0 ]<\/p>\n<p style=\"text-align: justify;\">As aulas \u00e0 dist\u00e2ncia s\u00e3o realizadas pela internet com a utiliza\u00e7\u00e3o de aplicativo ou plataforma de EAD.<\/p>\n<h3 style=\"text-align: justify;\"><strong>WhatsApp \/\u00a0SKYPE \/ Google Meet \/ Zoom<br \/>\n<\/strong><\/h3>\n<ul>\n<li style=\"text-align: justify;\"><img loading=\"lazy\" alt=\"online\" class=\"size-full wp-image-296 alignright\" data-id=\"296\" src=\"http:\/\/imulti.com.br\/site2016\/wp-content\/uploads\/2014\/05\/online.png\" style=\"margin-left: 20px; margin-right: 20px;\" title=\"\" width=\"302\" height=\"204\" srcset=\"https:\/\/www.imulti.com.br\/site2016\/wp-content\/uploads\/2014\/05\/online.png 302w, https:\/\/www.imulti.com.br\/site2016\/wp-content\/uploads\/2014\/05\/online-300x202.png 300w, https:\/\/www.imulti.com.br\/site2016\/wp-content\/uploads\/2014\/05\/online-81x55.png 81w\" sizes=\"(max-width: 302px) 100vw, 302px\" \/><span style=\"font-size: 13px;\"><strong>Indicadas para<\/strong>: alunos com conhecimento a partir do n\u00edvel b\u00e1sico<\/span><\/li>\n<li style=\"text-align: justify;\"><span style=\"font-size: 13px;\"><strong>Dura\u00e7\u00e3o<\/strong>: aulas com\u00a0dura\u00e7\u00e3o m\u00ednima de 60 minutos, previamente agendadas.<\/span><\/li>\n<li style=\"text-align: justify;\"><span style=\"font-size: 13px;\"><strong>Vantagens<\/strong>:\u00a0ideais para quem tem pouco tempo dispon\u00edvel e\/ou prefere aulas ministradas \u00e0 dist\u00e2ncia.<br \/>\n\u00c9 interessante para desenvolver a comunica\u00e7\u00e3o no idioma, pois utiliza as atuais ferramentas do cotidiano de nossa realidade pessoal e profissional.<br \/>\n<\/span><\/li>\n<\/ul>\n<p>&nbsp;<\/p>\n<p>&nbsp;<\/p>\n<p>&nbsp;<\/p>\n<p>&nbsp;<\/p>\n<p>&nbsp;<\/p>\n<p>&nbsp;<\/p>\n<p>&nbsp;<\/p>\n<p>&nbsp;<\/p>\n<p>&nbsp;<\/p>\n<p>&nbsp;<\/p>\n<p>&nbsp;<\/p>\n<p>&nbsp;<\/p>\n<p>&nbsp;<\/p>\n<p style=\"text-align: justify;\">[tab: \u00a0 \u00a0 \u00a0 \u00a0 \u00a0 \u00a0 BLENDING \u00a0 \u00a0 \u00a0 \u00a0 \u00a0 \u00a0 \u00a0]<\/p>\n<h3 style=\"text-align: justify;\"><strong>Combina\u00e7\u00e3o: aulas presenciais ou <\/strong><strong>\u00e0 dist\u00e2ncia<\/strong><\/h3>\n<ul>\n<li style=\"text-align: justify;\"><strong style=\"font-size: 13px;\">Como \u00e9<\/strong><span style=\"font-size: 13px;\">:\u00a0<\/span><span style=\"font-size: 13px;\">as aulas s\u00e3o feitas presencialmente ou \u00e0 dist\u00e2ncia, dependendo da disponibilidade do aluno.<br \/>\n<\/span><\/li>\n<li style=\"text-align: justify;\"><span style=\"font-size: 13px;\"><strong>Indicada para<\/strong>:\u00a0alunos com conhecimento a partir do n\u00edvel b\u00e1sico e com dificuldade de se deslocar frequentemente at\u00e9 a Escola.<\/span><\/li>\n<li style=\"text-align: justify;\"><span style=\"font-size: 13px;\"><strong>Vantagens<\/strong>: s\u00e3o ideais para quem tem pouco tempo dispon\u00edvel e eventualmente se desloca a outras localidades com acesso \u00e0 internet.<br \/>\n\u00c9 interessante para desenvolver a comunica\u00e7\u00e3o no idioma, pois utiliza as atuais ferramentas do cotidiano de nossa realidade pessoal e profissional.<br \/>\n<\/span><span style=\"font-size: 13px;\"><\/span><\/li>\n<\/ul>\n<p style=\"text-align: justify;\"><span style=\"font-size: 13px;\">[tab: \u00a0 \u00a0 \u00a0 \u00a0 \u00a0 \u00a0 AULAS IN-COMPANY \u00a0 \u00a0 \u00a0 \u00a0 \u00a0 \u00a0 \u00a0]<\/span><\/p>\n<h3 style=\"text-align: justify;\"><strong>Aulas em empresas<\/strong><\/h3>\n<p style=\"text-align: justify;\">Oferecemos\u00a0cursos de\u00a0acordo com a necessidade de sua empresa.<\/p>\n<ul>\n<li style=\"text-align: justify;\"><span style=\"line-height: 1.6em;\"><strong><img loading=\"lazy\" alt=\"incompany\" class=\"size-full wp-image-290 alignright\" data-id=\"290\" src=\"http:\/\/imulti.com.br\/site2016\/wp-content\/uploads\/2014\/05\/incompany.png\" style=\"opacity: 0.9; font-weight: normal; margin-left: 20px; margin-right: 20px;\" title=\"\" width=\"302\" height=\"201\" srcset=\"https:\/\/www.imulti.com.br\/site2016\/wp-content\/uploads\/2014\/05\/incompany.png 302w, https:\/\/www.imulti.com.br\/site2016\/wp-content\/uploads\/2014\/05\/incompany-300x199.png 300w, https:\/\/www.imulti.com.br\/site2016\/wp-content\/uploads\/2014\/05\/incompany-82x55.png 82w\" sizes=\"(max-width: 302px) 100vw, 302px\" \/>Como \u00e9<\/strong>: as aulas podem ser individuais ou em grupos fechados de pessoas que tenham o mesmo n\u00edvel de conhecimento no idioma. Tamb\u00e9m existe a possibilidade das aulas de conversa\u00e7\u00e3o serem \u00e0 dist\u00e2ncia de acordo com as modalidades previstas.\u00a0<\/span>&nbsp;\n<p>&nbsp;<\/p>\n<p><span style=\"line-height: 1.6em;\">Ao t\u00e9rmino de cada m\u00f3dulo, a empresa recebe um Relat\u00f3rio que apresenta o aproveitamento do aluno em cada uma das habilidades desenvolvidas durante o curso: express\u00e3o oral, escrita, leitura e compreens\u00e3o auditiva, bem como recomenda\u00e7\u00f5es e coment\u00e1rios do professor.\u00a0<\/span><\/li>\n<\/ul>\n<p style=\"text-align: justify;\">Para mais\u00a0informa\u00e7\u00f5es,\u00a0entre em contato conosco\u00a0ou envie-nos um e-mail para:\u00a0<a href=\"mailto:atendimento@imulti.com.br\">atendimento@imulti.com.br<\/a>.<\/p>\n<p>&nbsp;<\/p>\n","protected":false},"excerpt":{"rendered":"<p>[tab: \u00a0 \u00a0 \u00a0 \u00a0TURMAS \u00a0 \u00a0 \u00a0 \u00a0 \u00a0] Grupo Reduzido Quantidade:\u00a04 a 16 pessoas P\u00fablico-alvo: pessoas que preferem turmas reduzidas, mas que possa ter uma variedade de alunos [&hellip;]<\/p>\n","protected":false},"author":1,"featured_media":0,"parent":0,"menu_order":0,"comment_status":"open","ping_status":"closed","template":"template-fullwidth.php","meta":{"_mi_skip_tracking":false,"_exactmetrics_sitenote_active":false,"_exactmetrics_sitenote_note":"","_exactmetrics_sitenote_category":0},"_links":{"self":[{"href":"https:\/\/www.imulti.com.br\/site2016\/wp-json\/wp\/v2\/pages\/27"}],"collection":[{"href":"https:\/\/www.imulti.com.br\/site2016\/wp-json\/wp\/v2\/pages"}],"about":[{"href":"https:\/\/www.imulti.com.br\/site2016\/wp-json\/wp\/v2\/types\/page"}],"author":[{"embeddable":true,"href":"https:\/\/www.imulti.com.br\/site2016\/wp-json\/wp\/v2\/users\/1"}],"replies":[{"embeddable":true,"href":"https:\/\/www.imulti.com.br\/site2016\/wp-json\/wp\/v2\/comments?post=27"}],"version-history":[{"count":33,"href":"https:\/\/www.imulti.com.br\/site2016\/wp-json\/wp\/v2\/pages\/27\/revisions"}],"predecessor-version":[{"id":1176,"href":"https:\/\/www.imulti.com.br\/site2016\/wp-json\/wp\/v2\/pages\/27\/revisions\/1176"}],"wp:attachment":[{"href":"https:\/\/www.imulti.com.br\/site2016\/wp-json\/wp\/v2\/media?parent=27"}],"curies":[{"name":"wp","href":"https:\/\/api.w.org\/{rel}","templated":true}]}}